{"id":326,"date":"2015-07-24T08:21:50","date_gmt":"2015-07-24T08:21:50","guid":{"rendered":"https:\/\/adelal.com\/?page_id=326"},"modified":"2021-03-21T12:29:50","modified_gmt":"2021-03-21T12:29:50","slug":"bivilval","status":"publish","type":"page","link":"https:\/\/adelal.com\/?page_id=326","title":{"rendered":"Taller obradoiro"},"content":{"rendered":"\n<p><\/p>\n\n\n<p style=\"text-align: center;\"><span style=\"color: #99cc00;\">Bi<strong><em><span style=\"text-decoration: underline;\">Vil<\/span><\/em><\/strong>Val<\/span><\/p>\n<h3 style=\"text-align: center;\"><em><span style=\"color: #993300;\"><strong>Bi<\/strong><\/span>blioteca de <span style=\"color: #993300;\"><strong>Vil<\/strong><\/span>amart\u00edn de <strong><span style=\"color: #993300;\">Val<\/span><\/strong>deorras<\/em> \u00a0 \u00a0 \u00a0 \u00a0 \u00a0 \u00a0 Talleres (ver abajo)<\/h3>\n<p style=\"text-align: center;\">&#8230;&#8212;\u2014\u2014\u2014oooOooo\u2014\u2014\u2014&#8212;&#8230;<\/p>\n<p style=\"text-align: center;\"><span style=\"color: #d87730;\">FONDO LIBRERO<\/span><\/p>\n<p>Relaci\u00f3n de libros f\u00edsicos disponibles en la Biblioteca<\/p>\n<p style=\"text-align: center;\">&#8230;&#8212;\u2014\u2014\u2014oooOooo\u2014\u2014\u2014&#8212;&#8230;<\/p>\n<p style=\"text-align: center;\"><span style=\"color: #d87730;\">HERRAMIENTAS<\/span><\/p>\n<p>DRAE. Diccionario de la Real Academia de la lengua. <a title=\"Drae\" href=\"https:\/\/dle.rae.es\/?w=diccionario\" target=\"_blank\" rel=\"noopener noreferrer\">https:\/\/dle.rae.es\/?w=diccionario<\/a><\/p>\n<p>Diccionario de etimolog\u00eda <a href=\"https:\/\/etimologias.dechile.net\/\">https:\/\/etimologias.dechile.net\/<\/a><\/p>\n<p>Diccionario galego<a href=\"https:\/\/academia.gal\/dicionario#inicio.do\">\u00a0https:\/\/academia.gal\/dicionario#inicio.do<\/a><\/p>\n<p>Diccionario ingl\u00e9s\u00a0<a href=\"https:\/\/www.wordreference.com\/es\/\">https:\/\/www.wordreference.com\/es\/<\/a><\/p>\n<p>Wikipedia en espa\u00f1ol<a href=\"https:\/\/es.wikipedia.org\/wiki\/Wikipedia:Portada\">\u00a0https:\/\/es.wikipedia.org\/wiki\/Wikipedia:Portada<\/a><\/p>\n<p style=\"text-align: center;\">&#8230;&#8212;\u2014\u2014\u2014oooOooo\u2014\u2014\u2014&#8212;&#8230;<\/p>\n<p style=\"text-align: center;\"><span style=\"color: #d87730;\">ENLACES<\/span><\/p>\n<p><strong>Lecturas de inter\u00e9s.<\/strong><\/p>\n<p>&#8211;<strong><span style=\"color: #0000ff;\">gu ta gutarrak<\/span><\/strong>.<\/p>\n<p><a title=\"gu ta gutarra\" href=\"https:\/\/axxon.com.ar\/c-CuentoGuTaGutarrak.htm\">https:\/\/axxon.com.ar\/c-CuentoGuTaGutarrak.htm<\/a><\/p>\n<p>&#8211;<strong><span style=\"color: #3366ff;\">Los 9.000.000.000 de nombres de Dios <\/span><\/strong><\/p>\n<p><a href=\"https:\/\/www.lamaquinadeltiempo.com\/prosas\/clarke01.htm\">https:\/\/www.lamaquinadeltiempo.com\/prosas\/clarke01.htm<\/a><\/p>\n<p>&#8211;<strong><span style=\"color: #0000ff;\">Discurso de Steve Jobs<\/span><\/strong> en 2003, dos a\u00f1os antes de morir.<\/p>\n<h6>Se puede ver en Youtube, con subt\u00edtulos en castellano, en esta direcci\u00f3n:<\/h6>\n<p><a href=\"https:\/\/www.youtube.com\/watch?v=rHv4qLkToGg\">https:\/\/www.youtube.com\/watch?v=rHv4qLkToGg<\/a><\/p>\n<h6>Tambi\u00e9n se puede ver escrito aqu\u00ed:<\/h6>\n<p><a href=\"https:\/\/mercadeoglobal.com\/blog\/textos-del-celebre-discurso-de-steve-jobs-en-la-universidad-de-stanford\/\">https:\/\/mercadeoglobal.com\/blog\/textos-del-celebre-discurso-de-steve-jobs-en-la-universidad-de-stanford\/<\/a><\/p>\n<p>Las tres est\u00e1n editadas en papel.<\/p>\n<h3>Talleres<\/h3>\n<p>Desde la Biblioteca proponemos talleres relacionados con la edici\u00f3n. Iremos informando de fechas y horarios.<\/p>\n<p>Escuela de Librer\u00eda<\/p>\n<h6>Empezamos los talleres con un <em><strong>Curso de Confecci\u00f3n de Libros<\/strong><\/em> que busca resumir las muchas virtudes del libro y todo lo relacionado con \u00e9l.<\/h6>\n<p>Taller de Impresi\u00f3n<\/p>\n<h6>Impresionante es ver c\u00f3mo imprime cualquier m\u00e1quina de impresi\u00f3n, desde las extintas m\u00e1quinas de escribir (se dejaron de fabricar en 2011) hasta los plotter o la m\u00e1quinas de offset.<\/h6>\n<h6>El resultado final lo vemos al imprimir, pero toda esa precisi\u00f3n la logramos con el programa de ilustraci\u00f3n y pintura leader de la industria editorial: el Adobe Illustrator.<\/h6>\n<p>F\u00e1brica de bienestar<\/p>\n<h6>El libro es la herramienta que aporta seguridad al desarrollo del conocimiento, incorporando por tanto un plus de bienestar a la sociedad hasta la fecha conocida.<\/h6>","protected":false},"excerpt":{"rendered":"<p>BiVilVal Biblioteca de Vilamart\u00edn de Valdeorras \u00a0 \u00a0 \u00a0 \u00a0 \u00a0 \u00a0 Talleres (ver abajo) &#8230;&#8212;\u2014\u2014\u2014oooOooo\u2014\u2014\u2014&#8212;&#8230; FONDO LIBRERO Relaci\u00f3n de libros f\u00edsicos disponibles en la Biblioteca &#8230;&#8212;\u2014\u2014\u2014oooOooo\u2014\u2014\u2014&#8212;&#8230; HERRAMIENTAS DRAE. Diccionario de la Real Academia de la lengua. https:\/\/dle.rae.es\/?w=diccionario Diccionario de &hellip; <a href=\"https:\/\/adelal.com\/?page_id=326\">Sigue leyendo <span class=\"meta-nav\">&rarr;<\/span><\/a><\/p>\n","protected":false},"author":1,"featured_media":0,"parent":0,"menu_order":5,"comment_status":"closed","ping_status":"closed","template":"","meta":{"footnotes":""},"class_list":["post-326","page","type-page","status-publish","hentry"],"_links":{"self":[{"href":"https:\/\/adelal.com\/index.php?rest_route=\/wp\/v2\/pages\/326","targetHints":{"allow":["GET"]}}],"collection":[{"href":"https:\/\/adelal.com\/index.php?rest_route=\/wp\/v2\/pages"}],"about":[{"href":"https:\/\/adelal.com\/index.php?rest_route=\/wp\/v2\/types\/page"}],"author":[{"embeddable":true,"href":"https:\/\/adelal.com\/index.php?rest_route=\/wp\/v2\/users\/1"}],"replies":[{"embeddable":true,"href":"https:\/\/adelal.com\/index.php?rest_route=%2Fwp%2Fv2%2Fcomments&post=326"}],"version-history":[{"count":25,"href":"https:\/\/adelal.com\/index.php?rest_route=\/wp\/v2\/pages\/326\/revisions"}],"predecessor-version":[{"id":520,"href":"https:\/\/adelal.com\/index.php?rest_route=\/wp\/v2\/pages\/326\/revisions\/520"}],"wp:attachment":[{"href":"https:\/\/adelal.com\/index.php?rest_route=%2Fwp%2Fv2%2Fmedia&parent=326"}],"curies":[{"name":"wp","href":"https:\/\/api.w.org\/{rel}","templated":true}]}}